{"id":748,"date":"2016-03-14T19:02:52","date_gmt":"2016-03-14T18:02:52","guid":{"rendered":"http:\/\/www.k8radiatori.it\/?page_id=748"},"modified":"2018-06-28T12:15:25","modified_gmt":"2018-06-28T10:15:25","slug":"designers","status":"publish","type":"page","link":"https:\/\/www.k8radiatori.it\/fr\/designers\/","title":{"rendered":"Designers"},"content":{"rendered":"<p>[vc_row][vc_column width=\u00a0\u00bb1\/4&Prime;][vc_column_text]<img decoding=\"async\" loading=\"lazy\" class=\"aligncenter wp-image-1074 size-thumbnail\" src=\"http:\/\/www.k8radiatori.it\/wp-content\/uploads\/2016\/03\/Marco-Pisati.png\" alt=\"Marco Pisati - designer per K8 radiatori\" width=\"157\" height=\"157\" \/><\/p>\n<h2 style=\"text-align: center;\">Marco Pisati<\/h2>\n<p>S\u00e9duit par les nouveaux\u00a0mat\u00e9riaux et les nouvelles\u00a0technologies, il exp\u00e9rimente\u00a0ses id\u00e9es dans les domaines\u00a0les plus extr\u00eames. Dans le\u00a0secteur de l\u2019a\u00e9rospatiale il a\u00a0con\u00e7u pour l\u2019Agence Spatiale\u00a0Italienne (ASI) les int\u00e9rieurs\u00a0des habitacles des modules\u00a0a\u00e9rospatiaux \u00e0 gravit\u00e9 z\u00e9ro,\u00a0alors que dans le secteur\u00a0terrestre nomade, il a r\u00e9alis\u00e9\u00a0le premier exemple de\u00a0bureau nomade et interactif\u00a0(Motorhome ACI). Invit\u00e9 \u00e0\u00a0exposer ses travaux \u00e0 la\u00a0Leopolda de Florence (Deep\u00a0Inside-Image), il a pr\u00e9sent\u00e9\u00a0avec Grado Zero Espace, une\u00a0entreprise leader du secteur\u00a0textile a\u00e9rospatial, le prototype\u00a0d\u2019une veste d\u2019astronaute en\u00a0Diaplex (tissu \u00e0 m\u00e9moire\u00a0de forme). Son approche\u00a0exp\u00e9rimentale de la conception\u00a0l\u2019am\u00e8nera \u00e0 collaborer avec\u00a0des entreprises tr\u00e8s diff\u00e9rentes.\u00a0Il a re\u00e7u le prix sp\u00e9cial du jury\u00a0du German Design Awards\u00a02016 dans la cat\u00e9gorie Bain\u00a0et Bien-\u00eatre avec le produit\u00a0Color dessin\u00e9 pour Gattoni.[\/vc_column_text][\/vc_column][vc_column width=\u00a0\u00bb1\/4&Prime;][vc_column_text]<img decoding=\"async\" loading=\"lazy\" class=\"aligncenter wp-image-1073 size-thumbnail\" src=\"http:\/\/www.k8radiatori.it\/wp-content\/uploads\/2016\/03\/Manuela-Bucci.png\" alt=\"bucci\" width=\"157\" height=\"157\" \/><\/p>\n<h2 style=\"text-align: center;\">Manuela Bucci<\/h2>\n<p>Apr\u00e8s m\u2019\u00eatre dipl\u00f4m\u00e9e en\u00a0design industriel, j\u2019ai entam\u00e9\u00a0mon activit\u00e9 de designer\u00a0dans les cabinets de Cini\u00a0Boeri, Cibic et Makio Hasuike\u00a0o\u00f9 j\u2019ai pu assimiler le go\u00fbt\u00a0et les comp\u00e9tences de ces\u00a0personnages illustres du Design\u00a0Italien. En 2004, j\u2019ai quitt\u00e9 le\u00a0cabinet Hasuike apr\u00e8s une\u00a0tr\u00e8s belle formation sur User\u00a0Interface et j\u2019ai produit pour\u00a0la marque Ariston, j\u2019ai ensuite\u00a0entam\u00e9 une collaboration dans\u00a0l\u2019atelier \u2018product\u2019 de Zagato o\u00f9\u00a0j\u2019ai travaill\u00e9 sur des projets de\u00a0t\u00e9l\u00e9phonie et d\u2019\u00e9lectronique\u00a0de consommation. L\u00e0 j\u2019ai fait\u00a0la connaissance de Luca Boffi\u00a0avec qui je collabore encore\u00a0aujourd\u2019hui en tant que chief\u00a0designer pour sa Collection\u00a0Home. En 2006, j\u2019ai \u00e9t\u00e9 appel\u00e9e\u00a0par Indesit Company pour\u00a0former son \u00e9quipe interne de\u00a0Design et je travaille actuellement\u00a0encore avec les trois marques\u00a0Indesit, Hotpoint\/Ariston et\u00a0Scholtes. Aujourd\u2019hui, mon\u00a0cabinet s\u2019occupe de design \u00e0\u00a0360\u00b0 : conception, conception\u00a0graphique, analyse des\u00a0tendances, image coordonn\u00e9e\u00a0et photographie comme support\u00a0\u00e0 la communication. Clients:\u00a0Indesit Company, e-Novia,\u00a0Zagato, Luca Boffi, K8 Radiatori,\u00a0Salice Paolo, Vesta.[\/vc_column_text][\/vc_column][vc_column width=\u00a0\u00bb1\/4&Prime;][vc_column_text]<img decoding=\"async\" loading=\"lazy\" class=\"aligncenter wp-image-1075 size-thumbnail\" src=\"http:\/\/www.k8radiatori.it\/wp-content\/uploads\/2016\/03\/Davide-Diliberto.png\" alt=\"Davide Diliberto - designer per K8 radiatori\" width=\"157\" height=\"157\" \/><\/p>\n<h2 style=\"text-align: center;\">Davide Diliberto<\/h2>\n<p>Je me d\u00e9finis un designer\u00a0de formes recherch\u00e9es. Je\u00a0crois que la forme est le\u00a0premier attribut de tout objet,\u00a0le reste est important, mais\u00a0vient apr\u00e8s. L\u2019analyse est\u00a0une phase cruciale \u00e0 laquelle\u00a0je consacre beaucoup de\u00a0passion et beaucoup de\u00a0temps. Ensuite, j\u2019essaie de la\u00a0transf\u00e9rer dans des produits\u00a0capables de communiquer leur\u00a0message le plus clairement\u00a0possible, d\u2019une main l\u00e9g\u00e8re\u00a0et avec un certain amour\u00a0pour le d\u00e9tail, \u00e0 regarder \u00abde\u00a0pr\u00e8s\u00bb. J\u2019ai \u00e9tudi\u00e9 le Design\u00a0Industriel \u00e0 Milan, j\u2019ai fait mes\u00a0premi\u00e8res exp\u00e9riences chez\u00a0le carrossier Zagato et dans\u00a0d\u2019autres entreprises avec un\u00a0haut niveau de responsabilit\u00e9\u00a0sur le projet. J\u2019ai ouvert mon\u00a0premier cabinet avec Manuela\u00a0Bucci et r\u00e9colt\u00e9 de bons\u00a0succ\u00e8s avec des marques\u00a0telles qu\u2019Indesit, Salice Paolo\u00a0et autres. En 2015 j\u2019ai d\u00e9cid\u00e9\u00a0de me concentrer sur ce que\u00a0j\u2019aime faire plus que tout. Mes\u00a0clients m\u2019appr\u00e9cient pour la\u00a0vision de la marque, l\u2019analyse\u00a0des tendances, le CMF, un\u00a0go\u00fbt \u00e9quilibr\u00e9, mais personnel\u00a0et le travail de communication\u00a0cibl\u00e9 sur le produit r\u00e9alis\u00e9,\u00a0jusqu\u2019\u00e0 la photo, la conception\u00a0graphique et les textes pour\u00a0les catalogues.[\/vc_column_text][\/vc_column][vc_column width=\u00a0\u00bb1\/4&Prime;][vc_column_text]<img decoding=\"async\" loading=\"lazy\" class=\"aligncenter wp-image-1076 size-thumbnail\" src=\"http:\/\/www.k8radiatori.it\/wp-content\/uploads\/2016\/03\/junior-designer.png\" alt=\"Junior Designers per K8 radiatori\" width=\"157\" height=\"157\" \/><\/p>\n<h2 style=\"text-align: center;\">Junior Designers<\/h2>\n<p>Une mission bien distincte, celle\u00a0de K8: introduire \u00e0 l\u2019int\u00e9rieur\u00a0de l\u2019entreprise la cr\u00e9ativit\u00e9 et\u00a0la libert\u00e9 de conception des\u00a0futurs designers avec la vocation\u00a0propre de l\u2019entreprise: mixer\u00a0l\u2019innovation technologique\u00a0et notre savoir-faire avec les\u00a0nouveaux itin\u00e9raires esth\u00e9tiques\u00a0du radiateur de design. En 2013\u00a0on a assist\u00e9 \u00e0 la collaboration\u00a0entre K8 et l\u2019\u00e9cole Liceo Artistico\u00a0Fausto Melotti de Cant\u00f9 pour\u00a0le projet \u2018Junior designers\u2019.\u00a0De cette rencontre est n\u00e9 un\u00a0feeling humain et professionnel:\u00a0un concours d\u2019id\u00e9es o\u00f9\u00a0les prototypes des projets\u00a0s\u00e9lectionn\u00e9s ont \u00e9t\u00e9 pr\u00e9sent\u00e9s\u00a0au Salone del Mobile 2014 au\u00a0grand public par une exposition\u00a0itin\u00e9rante aupr\u00e8s de nos\u00a0meilleurs partenaires; s\u00e9minaires\u00a0de formation avec les \u00e9tudiants;\u00a0expositions th\u00e9matiques;\u00a0le nouveau showroom de\u00a0l\u2019entreprise mis \u00e0 la disposition\u00a0des \u00e9tudiants comme\u00a0\u2018laboratoire d\u2019enseignement\u2019 afin\u00a0d\u2019approfondir leur connaissances\u00a0techniques et esth\u00e9tiques.[\/vc_column_text][\/vc_column][\/vc_row]<\/p>","protected":false},"excerpt":{"rendered":"<p>[vc_row][vc_column width=\u00a0\u00bb1\/4&Prime;][vc_column_text] Marco Pisati S\u00e9duit par les nouveaux\u00a0mat\u00e9riaux et les nouvelles\u00a0technologies, il exp\u00e9rimente\u00a0ses id\u00e9es dans les domaines\u00a0les plus extr\u00eames. Dans le\u00a0secteur de l\u2019a\u00e9rospatiale il a\u00a0con\u00e7u pour l\u2019Agence Spatiale\u00a0Italienne (ASI) les int\u00e9rieurs\u00a0des habitacles des modules\u00a0a\u00e9rospatiaux \u00e0 gravit\u00e9 z\u00e9ro,\u00a0alors que dans le secteur\u00a0terrestre nomade, il a r\u00e9alis\u00e9\u00a0le premier exemple de\u00a0bureau nomade et interactif\u00a0(Motorhome ACI). Invit\u00e9 \u00e0\u00a0exposer ses &#8230;..<\/p>\n","protected":false},"author":1,"featured_media":0,"parent":0,"menu_order":0,"comment_status":"closed","ping_status":"closed","template":"","meta":[],"acf":[],"yoast_head":"<!-- This site is optimized with the Yoast SEO plugin v20.8 - https:\/\/yoast.com\/wordpress\/plugins\/seo\/ -->\n<title>Designers - K8 radiatori<\/title>\n<meta name=\"description\" content=\"Marco Pisati Affascinato dai nuovi materiali\u00a0e dalle nuove tecnologie,\u00a0sperimenta le sue idee nei\u00a0settori piu\u0300 estremi: da quello\u00a0Aerospaziale, disegnando - K8 radiatori\" \/>\n<meta name=\"robots\" content=\"index, follow, max-snippet:-1, max-image-preview:large, max-video-preview:-1\" \/>\n<link rel=\"canonical\" href=\"https:\/\/www.k8radiatori.it\/designers\/\" \/>\n<meta name=\"twitter:label1\" content=\"Dur\u00e9e de lecture estim\u00e9e\" \/>\n\t<meta name=\"twitter:data1\" content=\"17 minutes\" \/>\n<script type=\"application\/ld+json\" class=\"yoast-schema-graph\">{\"@context\":\"https:\/\/schema.org\",\"@graph\":[{\"@type\":\"WebPage\",\"@id\":\"https:\/\/www.k8radiatori.it\/designers\/\",\"url\":\"https:\/\/www.k8radiatori.it\/designers\/\",\"name\":\"Designers - K8 radiatori\",\"isPartOf\":{\"@id\":\"https:\/\/www.k8radiatori.it\/de\/#website\"},\"datePublished\":\"2016-03-14T18:02:52+00:00\",\"dateModified\":\"2018-06-28T10:15:25+00:00\",\"description\":\"Marco Pisati Affascinato dai nuovi materiali\u00a0e dalle nuove tecnologie,\u00a0sperimenta le sue idee nei\u00a0settori piu\u0300 estremi: da quello\u00a0Aerospaziale, disegnando - K8 radiatori\",\"breadcrumb\":{\"@id\":\"https:\/\/www.k8radiatori.it\/designers\/#breadcrumb\"},\"inLanguage\":\"fr-FR\",\"potentialAction\":[{\"@type\":\"ReadAction\",\"target\":[\"https:\/\/www.k8radiatori.it\/designers\/\"]}]},{\"@type\":\"BreadcrumbList\",\"@id\":\"https:\/\/www.k8radiatori.it\/designers\/#breadcrumb\",\"itemListElement\":[{\"@type\":\"ListItem\",\"position\":1,\"name\":\"Home\",\"item\":\"https:\/\/www.k8radiatori.it\/\"},{\"@type\":\"ListItem\",\"position\":2,\"name\":\"Designers\"}]},{\"@type\":\"WebSite\",\"@id\":\"https:\/\/www.k8radiatori.it\/de\/#website\",\"url\":\"https:\/\/www.k8radiatori.it\/de\/\",\"name\":\"K8 radiatori\",\"description\":\"K8 radiatori\",\"publisher\":{\"@id\":\"https:\/\/www.k8radiatori.it\/de\/#organization\"},\"potentialAction\":[{\"@type\":\"SearchAction\",\"target\":{\"@type\":\"EntryPoint\",\"urlTemplate\":\"https:\/\/www.k8radiatori.it\/de\/?s={search_term_string}\"},\"query-input\":\"required name=search_term_string\"}],\"inLanguage\":\"fr-FR\"},{\"@type\":\"Organization\",\"@id\":\"https:\/\/www.k8radiatori.it\/de\/#organization\",\"name\":\"K8 radiatori\",\"url\":\"https:\/\/www.k8radiatori.it\/de\/\",\"logo\":{\"@type\":\"ImageObject\",\"inLanguage\":\"fr-FR\",\"@id\":\"https:\/\/www.k8radiatori.it\/de\/#\/schema\/logo\/image\/\",\"url\":\"https:\/\/www.k8radiatori.it\/wp-content\/uploads\/2016\/03\/logo.png\",\"contentUrl\":\"https:\/\/www.k8radiatori.it\/wp-content\/uploads\/2016\/03\/logo.png\",\"width\":253,\"height\":283,\"caption\":\"K8 radiatori\"},\"image\":{\"@id\":\"https:\/\/www.k8radiatori.it\/de\/#\/schema\/logo\/image\/\"}}]}<\/script>\n<!-- \/ Yoast SEO plugin. -->","yoast_head_json":{"title":"Designers - K8 radiatori","description":"Marco Pisati Affascinato dai nuovi materiali\u00a0e dalle nuove tecnologie,\u00a0sperimenta le sue idee nei\u00a0settori piu\u0300 estremi: da quello\u00a0Aerospaziale, disegnando - K8 radiatori","robots":{"index":"index","follow":"follow","max-snippet":"max-snippet:-1","max-image-preview":"max-image-preview:large","max-video-preview":"max-video-preview:-1"},"canonical":"https:\/\/www.k8radiatori.it\/designers\/","twitter_misc":{"Dur\u00e9e de lecture estim\u00e9e":"17 minutes"},"schema":{"@context":"https:\/\/schema.org","@graph":[{"@type":"WebPage","@id":"https:\/\/www.k8radiatori.it\/designers\/","url":"https:\/\/www.k8radiatori.it\/designers\/","name":"Designers - K8 radiatori","isPartOf":{"@id":"https:\/\/www.k8radiatori.it\/de\/#website"},"datePublished":"2016-03-14T18:02:52+00:00","dateModified":"2018-06-28T10:15:25+00:00","description":"Marco Pisati Affascinato dai nuovi materiali\u00a0e dalle nuove tecnologie,\u00a0sperimenta le sue idee nei\u00a0settori piu\u0300 estremi: da quello\u00a0Aerospaziale, disegnando - K8 radiatori","breadcrumb":{"@id":"https:\/\/www.k8radiatori.it\/designers\/#breadcrumb"},"inLanguage":"fr-FR","potentialAction":[{"@type":"ReadAction","target":["https:\/\/www.k8radiatori.it\/designers\/"]}]},{"@type":"BreadcrumbList","@id":"https:\/\/www.k8radiatori.it\/designers\/#breadcrumb","itemListElement":[{"@type":"ListItem","position":1,"name":"Home","item":"https:\/\/www.k8radiatori.it\/"},{"@type":"ListItem","position":2,"name":"Designers"}]},{"@type":"WebSite","@id":"https:\/\/www.k8radiatori.it\/de\/#website","url":"https:\/\/www.k8radiatori.it\/de\/","name":"K8 radiatori","description":"K8 radiatori","publisher":{"@id":"https:\/\/www.k8radiatori.it\/de\/#organization"},"potentialAction":[{"@type":"SearchAction","target":{"@type":"EntryPoint","urlTemplate":"https:\/\/www.k8radiatori.it\/de\/?s={search_term_string}"},"query-input":"required name=search_term_string"}],"inLanguage":"fr-FR"},{"@type":"Organization","@id":"https:\/\/www.k8radiatori.it\/de\/#organization","name":"K8 radiatori","url":"https:\/\/www.k8radiatori.it\/de\/","logo":{"@type":"ImageObject","inLanguage":"fr-FR","@id":"https:\/\/www.k8radiatori.it\/de\/#\/schema\/logo\/image\/","url":"https:\/\/www.k8radiatori.it\/wp-content\/uploads\/2016\/03\/logo.png","contentUrl":"https:\/\/www.k8radiatori.it\/wp-content\/uploads\/2016\/03\/logo.png","width":253,"height":283,"caption":"K8 radiatori"},"image":{"@id":"https:\/\/www.k8radiatori.it\/de\/#\/schema\/logo\/image\/"}}]}},"_links":{"self":[{"href":"https:\/\/www.k8radiatori.it\/fr\/wp-json\/wp\/v2\/pages\/748"}],"collection":[{"href":"https:\/\/www.k8radiatori.it\/fr\/wp-json\/wp\/v2\/pages"}],"about":[{"href":"https:\/\/www.k8radiatori.it\/fr\/wp-json\/wp\/v2\/types\/page"}],"author":[{"embeddable":true,"href":"https:\/\/www.k8radiatori.it\/fr\/wp-json\/wp\/v2\/users\/1"}],"replies":[{"embeddable":true,"href":"https:\/\/www.k8radiatori.it\/fr\/wp-json\/wp\/v2\/comments?post=748"}],"version-history":[{"count":19,"href":"https:\/\/www.k8radiatori.it\/fr\/wp-json\/wp\/v2\/pages\/748\/revisions"}],"predecessor-version":[{"id":1689,"href":"https:\/\/www.k8radiatori.it\/fr\/wp-json\/wp\/v2\/pages\/748\/revisions\/1689"}],"wp:attachment":[{"href":"https:\/\/www.k8radiatori.it\/fr\/wp-json\/wp\/v2\/media?parent=748"}],"curies":[{"name":"wp","href":"https:\/\/api.w.org\/{rel}","templated":true}]}}